{"id":86455,"date":"2023-12-17T20:14:10","date_gmt":"2023-12-17T19:14:10","guid":{"rendered":"https:\/\/alp-sound.it\/?page_id=86455"},"modified":"2024-11-09T18:35:58","modified_gmt":"2024-11-09T17:35:58","slug":"referenzen","status":"publish","type":"page","link":"https:\/\/alp-sound.it\/index.php\/referenzen\/","title":{"rendered":"Referenzen"},"content":{"rendered":"\t\t<div data-elementor-type=\"wp-page\" data-elementor-id=\"86455\" class=\"elementor elementor-86455\" data-elementor-post-type=\"page\">\n\t\t\t\t<div class=\"elementor-element elementor-element-f8b0fd6 e-flex e-con-boxed e-con e-parent\" data-id=\"f8b0fd6\" data-element_type=\"container\" data-e-type=\"container\">\n\t\t\t\t\t<div class=\"e-con-inner\">\n\t\t\t\t<div class=\"elementor-element elementor-element-7aa4c08 elementor-widget elementor-widget-spacer\" data-id=\"7aa4c08\" data-element_type=\"widget\" data-e-type=\"widget\" data-widget_type=\"spacer.default\">\n\t\t\t\t<div class=\"elementor-widget-container\">\n\t\t\t\t\t\t\t<div class=\"elementor-spacer\">\n\t\t\t<div class=\"elementor-spacer-inner\"><\/div>\n\t\t<\/div>\n\t\t\t\t\t\t<\/div>\n\t\t\t\t<\/div>\n\t\t\t\t\t<\/div>\n\t\t\t\t<\/div>\n\t\t<div class=\"elementor-element elementor-element-ee71d53 e-flex e-con-boxed e-con e-parent\" data-id=\"ee71d53\" data-element_type=\"container\" data-e-type=\"container\">\n\t\t\t\t\t<div class=\"e-con-inner\">\n\t\t\t\t<div class=\"elementor-element elementor-element-889d647 elementor-widget elementor-widget-heading\" data-id=\"889d647\" data-element_type=\"widget\" data-e-type=\"widget\" data-widget_type=\"heading.default\">\n\t\t\t\t<div class=\"elementor-widget-container\">\n\t\t\t\t\t<h3 class=\"elementor-heading-title elementor-size-default\">Unsere Referenzen<\/h3>\t\t\t\t<\/div>\n\t\t\t\t<\/div>\n\t\t\t\t\t<\/div>\n\t\t\t\t<\/div>\n\t\t<div class=\"elementor-element elementor-element-5f9c547 e-flex e-con-boxed e-con e-parent\" data-id=\"5f9c547\" data-element_type=\"container\" data-e-type=\"container\">\n\t\t\t\t\t<div class=\"e-con-inner\">\n\t\t\t\t<div class=\"elementor-element elementor-element-66003ed preserve-img-ratio-cover elementor-widget elementor-widget-the7_elements\" data-id=\"66003ed\" data-element_type=\"widget\" data-e-type=\"widget\" data-widget_type=\"the7_elements.default\">\n\t\t\t\t<div class=\"elementor-widget-container\">\n\t\t\t\t\t<div class=\"portfolio-shortcode the7-elementor-widget the7_elements-66003ed mode-grid dt-css-grid-wrap content-rollover-layout-list description-on-hover quick-scale-img meta-info-off disable-layout-hover content-bg-on enable-bg-rollover resize-by-browser-width loading-effect-move-up jquery-filter lazy-loading-mode\" data-padding=\"15px\" data-mobile-columns-num=\"1\" data-tablet-columns-num=\"2\" data-desktop-columns-num=\"3\" data-wide-desktop-columns-num=\"3\" data-post-limit=\"10\" data-pagination-mode=\"load-more\" data-scroll-offset=\"\" aria-live=\"assertive\"><div class=\"dt-css-grid custom-pagination-handler\"><div class=\"visible wf-cell\" data-post-id=\"86773\" data-date=\"2025-09-28T09:38:37+01:00\" data-name=\"Life is a Game \u2013 46. Jugendwallfahrt\u201c\"><article class=\"post visible post-86773 type-post status-publish format-standard has-post-thumbnail hentry category-events\" data-name=\"Life is a Game \u2013 46. Jugendwallfahrt\u201c\" data-date=\"2025-09-28T09:38:37+01:00\">\n<div class=\"post-thumbnail-wrap\">\n\t<div class=\"post-thumbnail \">\n\n\t\t<a class=\"post-thumbnail-rollover layzr-bg img-css-resize-wrapper\" aria-label=\"Post image\" href=\"https:\/\/alp-sound.it\/index.php\/2025\/09\/28\/life-is-a-game-46-jugendwallfahrt\/\"><img fetchpriority=\"high\" decoding=\"async\" width=\"1024\" height=\"682\" src=\"data:image\/svg+xml,%3Csvg%20xmlns%3D&#039;http%3A%2F%2Fwww.w3.org%2F2000%2Fsvg&#039;%20viewBox%3D&#039;0%200%201024%20682&#039;%2F%3E\" class=\"attachment-large size-large preload-me aspect lazy lazy-load\" alt=\"\" sizes=\"(max-width: 1024px) 100vw, 1024px\" style=\"--ratio: 1024 \/ 682;\" data-src=\"https:\/\/alp-sound.it\/wp-content\/uploads\/2025\/10\/557663553_817395700976721_4803972313250231012_n-1024x682.jpg\" loading=\"eager\" data-srcset=\"https:\/\/alp-sound.it\/wp-content\/uploads\/2025\/10\/557663553_817395700976721_4803972313250231012_n-1024x682.jpg 1024w, https:\/\/alp-sound.it\/wp-content\/uploads\/2025\/10\/557663553_817395700976721_4803972313250231012_n-300x200.jpg 300w, https:\/\/alp-sound.it\/wp-content\/uploads\/2025\/10\/557663553_817395700976721_4803972313250231012_n-768x512.jpg 768w, https:\/\/alp-sound.it\/wp-content\/uploads\/2025\/10\/557663553_817395700976721_4803972313250231012_n-1536x1023.jpg 1536w, https:\/\/alp-sound.it\/wp-content\/uploads\/2025\/10\/557663553_817395700976721_4803972313250231012_n.jpg 1600w\" \/><\/a>\n\t<\/div>\n<\/div>\n\n<div class=\"post-entry-content\">\n\t<div class=\"post-entry-wrapper\">\n\t\t<div class=\"post-entry-body\">\n\t\t\t<a href=\"https:\/\/alp-sound.it\/index.php\/2025\/09\/28\/life-is-a-game-46-jugendwallfahrt\/\" class=\"the7-hover-icon\" aria-label=\"Details link\"><svg aria-hidden=\"true\" class=\"e-font-icon-svg e-fas-plus\" viewBox=\"0 0 448 512\" xmlns=\"http:\/\/www.w3.org\/2000\/svg\"><path d=\"M416 208H272V64c0-17.67-14.33-32-32-32h-32c-17.67 0-32 14.33-32 32v144H32c-17.67 0-32 14.33-32 32v32c0 17.67 14.33 32 32 32h144v144c0 17.67 14.33 32 32 32h32c17.67 0 32-14.33 32-32V304h144c17.67 0 32-14.33 32-32v-32c0-17.67-14.33-32-32-32z\"><\/path><\/svg><\/a><h3 class=\"ele-entry-title\"><a href=\"https:\/\/alp-sound.it\/index.php\/2025\/09\/28\/life-is-a-game-46-jugendwallfahrt\/\" rel=\"bookmark\" title=\"Life is a Game \u2013 46. Jugendwallfahrt\u201c\">Life is a Game \u2013 46. Jugendwallfahrt\u201c<\/a><\/h3>\t\t<\/div>\n\t<\/div>\n<\/div><\/article><\/div><div class=\"visible wf-cell\" data-post-id=\"86768\" data-date=\"2025-08-08T09:35:30+01:00\" data-name=\"Open Air Wortgottesfeier \u201eWillkommen im Jetzt\u201c\"><article class=\"post visible post-86768 type-post status-publish format-standard has-post-thumbnail hentry category-events\" data-name=\"Open Air Wortgottesfeier \u201eWillkommen im Jetzt\u201c\" data-date=\"2025-08-08T09:35:30+01:00\">\n<div class=\"post-thumbnail-wrap\">\n\t<div class=\"post-thumbnail \">\n\n\t\t<a class=\"post-thumbnail-rollover layzr-bg img-css-resize-wrapper\" aria-label=\"Post image\" href=\"https:\/\/alp-sound.it\/index.php\/2025\/08\/08\/open-air-wortgottesfeier-willkommen-im-jetzt\/\"><img decoding=\"async\" width=\"1024\" height=\"724\" src=\"data:image\/svg+xml,%3Csvg%20xmlns%3D&#039;http%3A%2F%2Fwww.w3.org%2F2000%2Fsvg&#039;%20viewBox%3D&#039;0%200%201024%20724&#039;%2F%3E\" class=\"attachment-large size-large preload-me aspect lazy lazy-load\" alt=\"\" sizes=\"(max-width: 1024px) 100vw, 1024px\" style=\"--ratio: 1024 \/ 724;\" data-src=\"https:\/\/alp-sound.it\/wp-content\/uploads\/2025\/10\/524628613_763945296321762_3175964190565129637_n-1024x724.jpg\" loading=\"eager\" data-srcset=\"https:\/\/alp-sound.it\/wp-content\/uploads\/2025\/10\/524628613_763945296321762_3175964190565129637_n-1024x724.jpg 1024w, https:\/\/alp-sound.it\/wp-content\/uploads\/2025\/10\/524628613_763945296321762_3175964190565129637_n-300x212.jpg 300w, https:\/\/alp-sound.it\/wp-content\/uploads\/2025\/10\/524628613_763945296321762_3175964190565129637_n-768x543.jpg 768w, https:\/\/alp-sound.it\/wp-content\/uploads\/2025\/10\/524628613_763945296321762_3175964190565129637_n-1536x1086.jpg 1536w, https:\/\/alp-sound.it\/wp-content\/uploads\/2025\/10\/524628613_763945296321762_3175964190565129637_n.jpg 1600w\" \/><\/a>\n\t<\/div>\n<\/div>\n\n<div class=\"post-entry-content\">\n\t<div class=\"post-entry-wrapper\">\n\t\t<div class=\"post-entry-body\">\n\t\t\t<a href=\"https:\/\/alp-sound.it\/index.php\/2025\/08\/08\/open-air-wortgottesfeier-willkommen-im-jetzt\/\" class=\"the7-hover-icon\" aria-label=\"Details link\"><svg aria-hidden=\"true\" class=\"e-font-icon-svg e-fas-plus\" viewBox=\"0 0 448 512\" xmlns=\"http:\/\/www.w3.org\/2000\/svg\"><path d=\"M416 208H272V64c0-17.67-14.33-32-32-32h-32c-17.67 0-32 14.33-32 32v144H32c-17.67 0-32 14.33-32 32v32c0 17.67 14.33 32 32 32h144v144c0 17.67 14.33 32 32 32h32c17.67 0 32-14.33 32-32V304h144c17.67 0 32-14.33 32-32v-32c0-17.67-14.33-32-32-32z\"><\/path><\/svg><\/a><h3 class=\"ele-entry-title\"><a href=\"https:\/\/alp-sound.it\/index.php\/2025\/08\/08\/open-air-wortgottesfeier-willkommen-im-jetzt\/\" rel=\"bookmark\" title=\"Open Air Wortgottesfeier \u201eWillkommen im Jetzt\u201c\">Open Air Wortgottesfeier \u201eWillkommen im Jetzt\u201c<\/a><\/h3>\t\t<\/div>\n\t<\/div>\n<\/div><\/article><\/div><div class=\"visible wf-cell\" data-post-id=\"86725\" data-date=\"2025-07-19T09:01:34+01:00\" data-name=\"Glaubensfestival\"><article class=\"post visible post-86725 type-post status-publish format-standard has-post-thumbnail hentry category-events\" data-name=\"Glaubensfestival\" data-date=\"2025-07-19T09:01:34+01:00\">\n<div class=\"post-thumbnail-wrap\">\n\t<div class=\"post-thumbnail \">\n\n\t\t<a class=\"post-thumbnail-rollover layzr-bg img-css-resize-wrapper\" aria-label=\"Post image\" href=\"https:\/\/alp-sound.it\/index.php\/2025\/07\/19\/glaubensfestival\/\"><img decoding=\"async\" width=\"724\" height=\"1024\" src=\"data:image\/svg+xml,%3Csvg%20xmlns%3D&#039;http%3A%2F%2Fwww.w3.org%2F2000%2Fsvg&#039;%20viewBox%3D&#039;0%200%20724%201024&#039;%2F%3E\" class=\"attachment-large size-large preload-me aspect lazy lazy-load\" alt=\"\" sizes=\"(max-width: 724px) 100vw, 724px\" style=\"--ratio: 724 \/ 1024;\" data-src=\"https:\/\/alp-sound.it\/wp-content\/uploads\/2025\/10\/518287741_748160141233611_2266482886102198333_n-1-724x1024.jpg\" loading=\"eager\" data-srcset=\"https:\/\/alp-sound.it\/wp-content\/uploads\/2025\/10\/518287741_748160141233611_2266482886102198333_n-1-724x1024.jpg 724w, https:\/\/alp-sound.it\/wp-content\/uploads\/2025\/10\/518287741_748160141233611_2266482886102198333_n-1-212x300.jpg 212w, https:\/\/alp-sound.it\/wp-content\/uploads\/2025\/10\/518287741_748160141233611_2266482886102198333_n-1-768x1086.jpg 768w, https:\/\/alp-sound.it\/wp-content\/uploads\/2025\/10\/518287741_748160141233611_2266482886102198333_n-1-1086x1536.jpg 1086w, https:\/\/alp-sound.it\/wp-content\/uploads\/2025\/10\/518287741_748160141233611_2266482886102198333_n-1.jpg 1131w\" \/><\/a>\n\t<\/div>\n<\/div>\n\n<div class=\"post-entry-content\">\n\t<div class=\"post-entry-wrapper\">\n\t\t<div class=\"post-entry-body\">\n\t\t\t<a href=\"https:\/\/alp-sound.it\/index.php\/2025\/07\/19\/glaubensfestival\/\" class=\"the7-hover-icon\" aria-label=\"Details link\"><svg aria-hidden=\"true\" class=\"e-font-icon-svg e-fas-plus\" viewBox=\"0 0 448 512\" xmlns=\"http:\/\/www.w3.org\/2000\/svg\"><path d=\"M416 208H272V64c0-17.67-14.33-32-32-32h-32c-17.67 0-32 14.33-32 32v144H32c-17.67 0-32 14.33-32 32v32c0 17.67 14.33 32 32 32h144v144c0 17.67 14.33 32 32 32h32c17.67 0 32-14.33 32-32V304h144c17.67 0 32-14.33 32-32v-32c0-17.67-14.33-32-32-32z\"><\/path><\/svg><\/a><h3 class=\"ele-entry-title\"><a href=\"https:\/\/alp-sound.it\/index.php\/2025\/07\/19\/glaubensfestival\/\" rel=\"bookmark\" title=\"Glaubensfestival\">Glaubensfestival<\/a><\/h3>\t\t<\/div>\n\t<\/div>\n<\/div><\/article><\/div><div class=\"visible wf-cell\" data-post-id=\"86758\" data-date=\"2025-05-03T09:23:33+01:00\" data-name=\"Kinder- und Jugendtheater &quot;Eine himmlische Mission&quot;\"><article class=\"post visible post-86758 type-post status-publish format-standard has-post-thumbnail hentry category-events\" data-name=\"Kinder- und Jugendtheater &#8222;Eine himmlische Mission&#8220;\" data-date=\"2025-05-03T09:23:33+01:00\">\n<div class=\"post-thumbnail-wrap\">\n\t<div class=\"post-thumbnail \">\n\n\t\t<a class=\"post-thumbnail-rollover layzr-bg img-css-resize-wrapper\" aria-label=\"Post image\" href=\"https:\/\/alp-sound.it\/index.php\/2025\/05\/03\/kinder-und-jugendtheater-eine-himmlische-mission\/\"><img decoding=\"async\" width=\"1024\" height=\"682\" src=\"data:image\/svg+xml,%3Csvg%20xmlns%3D&#039;http%3A%2F%2Fwww.w3.org%2F2000%2Fsvg&#039;%20viewBox%3D&#039;0%200%201024%20682&#039;%2F%3E\" class=\"attachment-large size-large preload-me aspect lazy lazy-load\" alt=\"\" sizes=\"(max-width: 1024px) 100vw, 1024px\" style=\"--ratio: 1024 \/ 682;\" data-src=\"https:\/\/alp-sound.it\/wp-content\/uploads\/2025\/10\/504835516_725448406838118_615264603155663396_n-1024x682.jpg\" loading=\"eager\" data-srcset=\"https:\/\/alp-sound.it\/wp-content\/uploads\/2025\/10\/504835516_725448406838118_615264603155663396_n-1024x682.jpg 1024w, https:\/\/alp-sound.it\/wp-content\/uploads\/2025\/10\/504835516_725448406838118_615264603155663396_n-300x200.jpg 300w, https:\/\/alp-sound.it\/wp-content\/uploads\/2025\/10\/504835516_725448406838118_615264603155663396_n-768x512.jpg 768w, https:\/\/alp-sound.it\/wp-content\/uploads\/2025\/10\/504835516_725448406838118_615264603155663396_n-1536x1023.jpg 1536w, https:\/\/alp-sound.it\/wp-content\/uploads\/2025\/10\/504835516_725448406838118_615264603155663396_n.jpg 1600w\" \/><\/a>\n\t<\/div>\n<\/div>\n\n<div class=\"post-entry-content\">\n\t<div class=\"post-entry-wrapper\">\n\t\t<div class=\"post-entry-body\">\n\t\t\t<a href=\"https:\/\/alp-sound.it\/index.php\/2025\/05\/03\/kinder-und-jugendtheater-eine-himmlische-mission\/\" class=\"the7-hover-icon\" aria-label=\"Details link\"><svg aria-hidden=\"true\" class=\"e-font-icon-svg e-fas-plus\" viewBox=\"0 0 448 512\" xmlns=\"http:\/\/www.w3.org\/2000\/svg\"><path d=\"M416 208H272V64c0-17.67-14.33-32-32-32h-32c-17.67 0-32 14.33-32 32v144H32c-17.67 0-32 14.33-32 32v32c0 17.67 14.33 32 32 32h144v144c0 17.67 14.33 32 32 32h32c17.67 0 32-14.33 32-32V304h144c17.67 0 32-14.33 32-32v-32c0-17.67-14.33-32-32-32z\"><\/path><\/svg><\/a><h3 class=\"ele-entry-title\"><a href=\"https:\/\/alp-sound.it\/index.php\/2025\/05\/03\/kinder-und-jugendtheater-eine-himmlische-mission\/\" rel=\"bookmark\" title=\"Kinder- und Jugendtheater &#8222;Eine himmlische Mission&#8220;\">Kinder- und Jugendtheater &#8222;Eine himmlische Mission&#8220;<\/a><\/h3>\t\t<\/div>\n\t<\/div>\n<\/div><\/article><\/div><div class=\"visible wf-cell\" data-post-id=\"86735\" data-date=\"2025-04-26T09:09:59+01:00\" data-name=\"Jugendosterfeier 2025 \u2013 \u201eRise Up\u201c\"><article class=\"post visible post-86735 type-post status-publish format-standard has-post-thumbnail hentry category-events\" data-name=\"Jugendosterfeier 2025 \u2013 \u201eRise Up\u201c\" data-date=\"2025-04-26T09:09:59+01:00\">\n<div class=\"post-thumbnail-wrap\">\n\t<div class=\"post-thumbnail \">\n\n\t\t<a class=\"post-thumbnail-rollover layzr-bg img-css-resize-wrapper\" aria-label=\"Post image\" href=\"https:\/\/alp-sound.it\/index.php\/2025\/04\/26\/jugendosterfeier\/\"><img decoding=\"async\" width=\"1024\" height=\"1024\" src=\"data:image\/svg+xml,%3Csvg%20xmlns%3D&#039;http%3A%2F%2Fwww.w3.org%2F2000%2Fsvg&#039;%20viewBox%3D&#039;0%200%201024%201024&#039;%2F%3E\" class=\"attachment-large size-large preload-me aspect lazy lazy-load\" alt=\"\" sizes=\"(max-width: 1024px) 100vw, 1024px\" style=\"--ratio: 1024 \/ 1024;\" data-src=\"https:\/\/alp-sound.it\/wp-content\/uploads\/2025\/10\/489052457_675836761799283_7880910980376470223_n-1024x1024.jpg\" loading=\"eager\" data-srcset=\"https:\/\/alp-sound.it\/wp-content\/uploads\/2025\/10\/489052457_675836761799283_7880910980376470223_n-1024x1024.jpg 1024w, https:\/\/alp-sound.it\/wp-content\/uploads\/2025\/10\/489052457_675836761799283_7880910980376470223_n-300x300.jpg 300w, https:\/\/alp-sound.it\/wp-content\/uploads\/2025\/10\/489052457_675836761799283_7880910980376470223_n-150x150.jpg 150w, https:\/\/alp-sound.it\/wp-content\/uploads\/2025\/10\/489052457_675836761799283_7880910980376470223_n-768x768.jpg 768w, https:\/\/alp-sound.it\/wp-content\/uploads\/2025\/10\/489052457_675836761799283_7880910980376470223_n.jpg 1080w\" \/><\/a>\n\t<\/div>\n<\/div>\n\n<div class=\"post-entry-content\">\n\t<div class=\"post-entry-wrapper\">\n\t\t<div class=\"post-entry-body\">\n\t\t\t<a href=\"https:\/\/alp-sound.it\/index.php\/2025\/04\/26\/jugendosterfeier\/\" class=\"the7-hover-icon\" aria-label=\"Details link\"><svg aria-hidden=\"true\" class=\"e-font-icon-svg e-fas-plus\" viewBox=\"0 0 448 512\" xmlns=\"http:\/\/www.w3.org\/2000\/svg\"><path d=\"M416 208H272V64c0-17.67-14.33-32-32-32h-32c-17.67 0-32 14.33-32 32v144H32c-17.67 0-32 14.33-32 32v32c0 17.67 14.33 32 32 32h144v144c0 17.67 14.33 32 32 32h32c17.67 0 32-14.33 32-32V304h144c17.67 0 32-14.33 32-32v-32c0-17.67-14.33-32-32-32z\"><\/path><\/svg><\/a><h3 class=\"ele-entry-title\"><a href=\"https:\/\/alp-sound.it\/index.php\/2025\/04\/26\/jugendosterfeier\/\" rel=\"bookmark\" title=\"Jugendosterfeier 2025 \u2013 \u201eRise Up\u201c\">Jugendosterfeier 2025 \u2013 \u201eRise Up\u201c<\/a><\/h3>\t\t<\/div>\n\t<\/div>\n<\/div><\/article><\/div><div class=\"visible wf-cell\" data-post-id=\"86747\" data-date=\"2024-12-24T09:17:00+01:00\" data-name=\"Krippenspiel - Wunder dieser Nacht\"><article class=\"post visible post-86747 type-post status-publish format-standard has-post-thumbnail hentry category-events\" data-name=\"Krippenspiel &#8211; Wunder dieser Nacht\" data-date=\"2024-12-24T09:17:00+01:00\">\n<div class=\"post-thumbnail-wrap\">\n\t<div class=\"post-thumbnail \">\n\n\t\t<a class=\"post-thumbnail-rollover layzr-bg img-css-resize-wrapper\" aria-label=\"Post image\" href=\"https:\/\/alp-sound.it\/index.php\/2024\/12\/24\/krippenspiel-wunder-dieser-nacht\/\"><img decoding=\"async\" width=\"819\" height=\"1024\" src=\"data:image\/svg+xml,%3Csvg%20xmlns%3D&#039;http%3A%2F%2Fwww.w3.org%2F2000%2Fsvg&#039;%20viewBox%3D&#039;0%200%20819%201024&#039;%2F%3E\" class=\"attachment-large size-large preload-me aspect lazy lazy-load\" alt=\"\" sizes=\"(max-width: 819px) 100vw, 819px\" style=\"--ratio: 819 \/ 1024;\" data-src=\"https:\/\/alp-sound.it\/wp-content\/uploads\/2025\/10\/482328432_656099890439637_2796596494371740394_n-819x1024.jpg\" loading=\"eager\" data-srcset=\"https:\/\/alp-sound.it\/wp-content\/uploads\/2025\/10\/482328432_656099890439637_2796596494371740394_n-819x1024.jpg 819w, https:\/\/alp-sound.it\/wp-content\/uploads\/2025\/10\/482328432_656099890439637_2796596494371740394_n-240x300.jpg 240w, https:\/\/alp-sound.it\/wp-content\/uploads\/2025\/10\/482328432_656099890439637_2796596494371740394_n-768x960.jpg 768w, https:\/\/alp-sound.it\/wp-content\/uploads\/2025\/10\/482328432_656099890439637_2796596494371740394_n.jpg 1080w\" \/><\/a>\n\t<\/div>\n<\/div>\n\n<div class=\"post-entry-content\">\n\t<div class=\"post-entry-wrapper\">\n\t\t<div class=\"post-entry-body\">\n\t\t\t<a href=\"https:\/\/alp-sound.it\/index.php\/2024\/12\/24\/krippenspiel-wunder-dieser-nacht\/\" class=\"the7-hover-icon\" aria-label=\"Details link\"><svg aria-hidden=\"true\" class=\"e-font-icon-svg e-fas-plus\" viewBox=\"0 0 448 512\" xmlns=\"http:\/\/www.w3.org\/2000\/svg\"><path d=\"M416 208H272V64c0-17.67-14.33-32-32-32h-32c-17.67 0-32 14.33-32 32v144H32c-17.67 0-32 14.33-32 32v32c0 17.67 14.33 32 32 32h144v144c0 17.67 14.33 32 32 32h32c17.67 0 32-14.33 32-32V304h144c17.67 0 32-14.33 32-32v-32c0-17.67-14.33-32-32-32z\"><\/path><\/svg><\/a><h3 class=\"ele-entry-title\"><a href=\"https:\/\/alp-sound.it\/index.php\/2024\/12\/24\/krippenspiel-wunder-dieser-nacht\/\" rel=\"bookmark\" title=\"Krippenspiel &#8211; Wunder dieser Nacht\">Krippenspiel &#8211; Wunder dieser Nacht<\/a><\/h3>\t\t<\/div>\n\t<\/div>\n<\/div><\/article><\/div><div class=\"visible wf-cell\" data-post-id=\"86662\" data-date=\"2024-09-29T18:00:00+01:00\" data-name=\"Messe &quot;Jugendwallfahrt nach Heilig Geist&quot;\"><article class=\"post visible post-86662 type-post status-publish format-standard has-post-thumbnail hentry category-events\" data-name=\"Messe &#8222;Jugendwallfahrt nach Heilig Geist&#8220;\" data-date=\"2024-09-29T18:00:00+01:00\">\n<div class=\"post-thumbnail-wrap\">\n\t<div class=\"post-thumbnail \">\n\n\t\t<a class=\"post-thumbnail-rollover layzr-bg img-css-resize-wrapper\" aria-label=\"Post image\" href=\"https:\/\/alp-sound.it\/index.php\/2024\/09\/29\/messe-jugendwallfahrt-nach-heilig-geist\/\"><img decoding=\"async\" width=\"1024\" height=\"683\" src=\"data:image\/svg+xml,%3Csvg%20xmlns%3D&#039;http%3A%2F%2Fwww.w3.org%2F2000%2Fsvg&#039;%20viewBox%3D&#039;0%200%201024%20683&#039;%2F%3E\" class=\"attachment-large size-large preload-me aspect lazy lazy-load\" alt=\"\" sizes=\"(max-width: 1024px) 100vw, 1024px\" style=\"--ratio: 1024 \/ 683;\" data-src=\"https:\/\/alp-sound.it\/wp-content\/uploads\/2024\/12\/3-1024x683.jpg\" loading=\"eager\" data-srcset=\"https:\/\/alp-sound.it\/wp-content\/uploads\/2024\/12\/3-1024x683.jpg 1024w, https:\/\/alp-sound.it\/wp-content\/uploads\/2024\/12\/3-300x200.jpg 300w, https:\/\/alp-sound.it\/wp-content\/uploads\/2024\/12\/3-768x512.jpg 768w, https:\/\/alp-sound.it\/wp-content\/uploads\/2024\/12\/3.jpg 1065w\" \/><\/a>\n\t<\/div>\n<\/div>\n\n<div class=\"post-entry-content\">\n\t<div class=\"post-entry-wrapper\">\n\t\t<div class=\"post-entry-body\">\n\t\t\t<a href=\"https:\/\/alp-sound.it\/index.php\/2024\/09\/29\/messe-jugendwallfahrt-nach-heilig-geist\/\" class=\"the7-hover-icon\" aria-label=\"Details link\"><svg aria-hidden=\"true\" class=\"e-font-icon-svg e-fas-plus\" viewBox=\"0 0 448 512\" xmlns=\"http:\/\/www.w3.org\/2000\/svg\"><path d=\"M416 208H272V64c0-17.67-14.33-32-32-32h-32c-17.67 0-32 14.33-32 32v144H32c-17.67 0-32 14.33-32 32v32c0 17.67 14.33 32 32 32h144v144c0 17.67 14.33 32 32 32h32c17.67 0 32-14.33 32-32V304h144c17.67 0 32-14.33 32-32v-32c0-17.67-14.33-32-32-32z\"><\/path><\/svg><\/a><h3 class=\"ele-entry-title\"><a href=\"https:\/\/alp-sound.it\/index.php\/2024\/09\/29\/messe-jugendwallfahrt-nach-heilig-geist\/\" rel=\"bookmark\" title=\"Messe &#8222;Jugendwallfahrt nach Heilig Geist&#8220;\">Messe &#8222;Jugendwallfahrt nach Heilig Geist&#8220;<\/a><\/h3>\t\t<\/div>\n\t<\/div>\n<\/div><\/article><\/div><div class=\"visible wf-cell\" data-post-id=\"86641\" data-date=\"2024-07-26T19:00:00+01:00\" data-name=\"Open-Air-Gottesdienst &quot;Thankful \u2013 F\u00fcr wos bisch du Donkbor?\"><article class=\"post visible post-86641 type-post status-publish format-standard has-post-thumbnail hentry category-events\" data-name=\"Open-Air-Gottesdienst &#8222;Thankful \u2013 F\u00fcr wos bisch du Donkbor?\" data-date=\"2024-07-26T19:00:00+01:00\">\n<div class=\"post-thumbnail-wrap\">\n\t<div class=\"post-thumbnail \">\n\n\t\t<a class=\"post-thumbnail-rollover layzr-bg img-css-resize-wrapper\" aria-label=\"Post image\" href=\"https:\/\/alp-sound.it\/index.php\/2024\/07\/26\/open-air-gottesdienst-thankful-fuer-wos-bisch-du-donkbor\/\"><img decoding=\"async\" width=\"1024\" height=\"723\" src=\"data:image\/svg+xml,%3Csvg%20xmlns%3D&#039;http%3A%2F%2Fwww.w3.org%2F2000%2Fsvg&#039;%20viewBox%3D&#039;0%200%201024%20723&#039;%2F%3E\" class=\"attachment-large size-large preload-me aspect lazy lazy-load\" alt=\"\" sizes=\"(max-width: 1024px) 100vw, 1024px\" style=\"--ratio: 1024 \/ 723;\" data-src=\"https:\/\/alp-sound.it\/wp-content\/uploads\/2024\/12\/J-1024x723.jpg\" loading=\"eager\" data-srcset=\"https:\/\/alp-sound.it\/wp-content\/uploads\/2024\/12\/J-1024x723.jpg 1024w, https:\/\/alp-sound.it\/wp-content\/uploads\/2024\/12\/J-300x212.jpg 300w, https:\/\/alp-sound.it\/wp-content\/uploads\/2024\/12\/J-768x543.jpg 768w, https:\/\/alp-sound.it\/wp-content\/uploads\/2024\/12\/J.jpg 1080w\" \/><\/a>\n\t<\/div>\n<\/div>\n\n<div class=\"post-entry-content\">\n\t<div class=\"post-entry-wrapper\">\n\t\t<div class=\"post-entry-body\">\n\t\t\t<a href=\"https:\/\/alp-sound.it\/index.php\/2024\/07\/26\/open-air-gottesdienst-thankful-fuer-wos-bisch-du-donkbor\/\" class=\"the7-hover-icon\" aria-label=\"Details link\"><svg aria-hidden=\"true\" class=\"e-font-icon-svg e-fas-plus\" viewBox=\"0 0 448 512\" xmlns=\"http:\/\/www.w3.org\/2000\/svg\"><path d=\"M416 208H272V64c0-17.67-14.33-32-32-32h-32c-17.67 0-32 14.33-32 32v144H32c-17.67 0-32 14.33-32 32v32c0 17.67 14.33 32 32 32h144v144c0 17.67 14.33 32 32 32h32c17.67 0 32-14.33 32-32V304h144c17.67 0 32-14.33 32-32v-32c0-17.67-14.33-32-32-32z\"><\/path><\/svg><\/a><h3 class=\"ele-entry-title\"><a href=\"https:\/\/alp-sound.it\/index.php\/2024\/07\/26\/open-air-gottesdienst-thankful-fuer-wos-bisch-du-donkbor\/\" rel=\"bookmark\" title=\"Open-Air-Gottesdienst &#8222;Thankful \u2013 F\u00fcr wos bisch du Donkbor?\">Open-Air-Gottesdienst &#8222;Thankful \u2013 F\u00fcr wos bisch du Donkbor?<\/a><\/h3>\t\t<\/div>\n\t<\/div>\n<\/div><\/article><\/div><div class=\"visible wf-cell\" data-post-id=\"86633\" data-date=\"2024-06-07T09:53:00+01:00\" data-name=\"Kinder- und Jugendtheater &quot;Ein Reise der Hoffnung&quot;\"><article class=\"post visible post-86633 type-post status-publish format-standard has-post-thumbnail hentry category-events\" data-name=\"Kinder- und Jugendtheater &#8222;Ein Reise der Hoffnung&#8220;\" data-date=\"2024-06-07T09:53:00+01:00\">\n<div class=\"post-thumbnail-wrap\">\n\t<div class=\"post-thumbnail \">\n\n\t\t<a class=\"post-thumbnail-rollover layzr-bg img-css-resize-wrapper\" aria-label=\"Post image\" href=\"https:\/\/alp-sound.it\/index.php\/2024\/06\/07\/kinder-und-jugendtheater-ein-reise-der-hoffnung\/\"><img decoding=\"async\" width=\"1024\" height=\"724\" src=\"data:image\/svg+xml,%3Csvg%20xmlns%3D&#039;http%3A%2F%2Fwww.w3.org%2F2000%2Fsvg&#039;%20viewBox%3D&#039;0%200%201024%20724&#039;%2F%3E\" class=\"attachment-large size-large preload-me aspect lazy lazy-load\" alt=\"\" sizes=\"(max-width: 1024px) 100vw, 1024px\" style=\"--ratio: 1024 \/ 724;\" data-src=\"https:\/\/alp-sound.it\/wp-content\/uploads\/2024\/06\/Eine-reise-der-Hoffung-2-1024x724.jpg\" loading=\"eager\" data-srcset=\"https:\/\/alp-sound.it\/wp-content\/uploads\/2024\/06\/Eine-reise-der-Hoffung-2-1024x724.jpg 1024w, https:\/\/alp-sound.it\/wp-content\/uploads\/2024\/06\/Eine-reise-der-Hoffung-2-300x212.jpg 300w, https:\/\/alp-sound.it\/wp-content\/uploads\/2024\/06\/Eine-reise-der-Hoffung-2-768x543.jpg 768w, https:\/\/alp-sound.it\/wp-content\/uploads\/2024\/06\/Eine-reise-der-Hoffung-2-1536x1086.jpg 1536w, https:\/\/alp-sound.it\/wp-content\/uploads\/2024\/06\/Eine-reise-der-Hoffung-2.jpg 2000w\" \/><\/a>\n\t<\/div>\n<\/div>\n\n<div class=\"post-entry-content\">\n\t<div class=\"post-entry-wrapper\">\n\t\t<div class=\"post-entry-body\">\n\t\t\t<a href=\"https:\/\/alp-sound.it\/index.php\/2024\/06\/07\/kinder-und-jugendtheater-ein-reise-der-hoffnung\/\" class=\"the7-hover-icon\" aria-label=\"Details link\"><svg aria-hidden=\"true\" class=\"e-font-icon-svg e-fas-plus\" viewBox=\"0 0 448 512\" xmlns=\"http:\/\/www.w3.org\/2000\/svg\"><path d=\"M416 208H272V64c0-17.67-14.33-32-32-32h-32c-17.67 0-32 14.33-32 32v144H32c-17.67 0-32 14.33-32 32v32c0 17.67 14.33 32 32 32h144v144c0 17.67 14.33 32 32 32h32c17.67 0 32-14.33 32-32V304h144c17.67 0 32-14.33 32-32v-32c0-17.67-14.33-32-32-32z\"><\/path><\/svg><\/a><h3 class=\"ele-entry-title\"><a href=\"https:\/\/alp-sound.it\/index.php\/2024\/06\/07\/kinder-und-jugendtheater-ein-reise-der-hoffnung\/\" rel=\"bookmark\" title=\"Kinder- und Jugendtheater &#8222;Ein Reise der Hoffnung&#8220;\">Kinder- und Jugendtheater &#8222;Ein Reise der Hoffnung&#8220;<\/a><\/h3>\t\t<\/div>\n\t<\/div>\n<\/div><\/article><\/div><div class=\"visible wf-cell\" data-post-id=\"86543\" data-date=\"2024-01-01T10:56:16+01:00\" data-name=\"Ein besonderer Silvesterbesuch 2023\/2024\"><article class=\"post visible post-86543 type-post status-publish format-standard has-post-thumbnail hentry category-events\" data-name=\"Ein besonderer Silvesterbesuch 2023\/2024\" data-date=\"2024-01-01T10:56:16+01:00\">\n<div class=\"post-thumbnail-wrap\">\n\t<div class=\"post-thumbnail \">\n\n\t\t<a class=\"post-thumbnail-rollover layzr-bg img-css-resize-wrapper\" aria-label=\"Post image\" href=\"https:\/\/alp-sound.it\/index.php\/2024\/01\/01\/ein-besonderer-silvesterbesuch-2023-2024\/\"><img decoding=\"async\" width=\"1024\" height=\"542\" src=\"data:image\/svg+xml,%3Csvg%20xmlns%3D&#039;http%3A%2F%2Fwww.w3.org%2F2000%2Fsvg&#039;%20viewBox%3D&#039;0%200%201024%20542&#039;%2F%3E\" class=\"attachment-large size-large preload-me aspect lazy lazy-load\" alt=\"\" sizes=\"(max-width: 1024px) 100vw, 1024px\" style=\"--ratio: 1024 \/ 542;\" data-src=\"https:\/\/alp-sound.it\/wp-content\/uploads\/2024\/01\/Ein-besonderer-Silvesterbesuch-1024x542.png\" loading=\"eager\" data-srcset=\"https:\/\/alp-sound.it\/wp-content\/uploads\/2024\/01\/Ein-besonderer-Silvesterbesuch-1024x542.png 1024w, https:\/\/alp-sound.it\/wp-content\/uploads\/2024\/01\/Ein-besonderer-Silvesterbesuch-300x159.png 300w, https:\/\/alp-sound.it\/wp-content\/uploads\/2024\/01\/Ein-besonderer-Silvesterbesuch-768x407.png 768w, https:\/\/alp-sound.it\/wp-content\/uploads\/2024\/01\/Ein-besonderer-Silvesterbesuch-1536x813.png 1536w, https:\/\/alp-sound.it\/wp-content\/uploads\/2024\/01\/Ein-besonderer-Silvesterbesuch-2048x1085.png 2048w\" \/><\/a>\n\t<\/div>\n<\/div>\n\n<div class=\"post-entry-content\">\n\t<div class=\"post-entry-wrapper\">\n\t\t<div class=\"post-entry-body\">\n\t\t\t<a href=\"https:\/\/alp-sound.it\/index.php\/2024\/01\/01\/ein-besonderer-silvesterbesuch-2023-2024\/\" class=\"the7-hover-icon\" aria-label=\"Details link\"><svg aria-hidden=\"true\" class=\"e-font-icon-svg e-fas-plus\" viewBox=\"0 0 448 512\" xmlns=\"http:\/\/www.w3.org\/2000\/svg\"><path d=\"M416 208H272V64c0-17.67-14.33-32-32-32h-32c-17.67 0-32 14.33-32 32v144H32c-17.67 0-32 14.33-32 32v32c0 17.67 14.33 32 32 32h144v144c0 17.67 14.33 32 32 32h32c17.67 0 32-14.33 32-32V304h144c17.67 0 32-14.33 32-32v-32c0-17.67-14.33-32-32-32z\"><\/path><\/svg><\/a><h3 class=\"ele-entry-title\"><a href=\"https:\/\/alp-sound.it\/index.php\/2024\/01\/01\/ein-besonderer-silvesterbesuch-2023-2024\/\" rel=\"bookmark\" title=\"Ein besonderer Silvesterbesuch 2023\/2024\">Ein besonderer Silvesterbesuch 2023\/2024<\/a><\/h3>\t\t<\/div>\n\t<\/div>\n<\/div><\/article><\/div><\/div><!-- iso-container|iso-grid --><div class=\"paginator filter-decorations paginator-more-button filter-pointer-underline filter-animation-fade\">\n\t\t\t\t<a class=\"button-load-more highlighted filter-item\" href=\"javascript:void(0);\" data-dt-page=\"1\" ><span class=\"button-caption\">Mehr laden<\/span><\/a>\n\t\t\t<\/div><\/div>\t\t\t\t<\/div>\n\t\t\t\t<\/div>\n\t\t\t\t\t<\/div>\n\t\t\t\t<\/div>\n\t\t\t\t<\/div>\n\t\t","protected":false},"excerpt":{"rendered":"<p>Unsere Referenzen What eleifend posuere tincidunt Best way to habitant morbi tristique senectus Mehr laden<\/p>\n","protected":false},"author":1,"featured_media":0,"parent":0,"menu_order":0,"comment_status":"closed","ping_status":"closed","template":"elementor_theme","meta":{"footnotes":""},"class_list":["post-86455","page","type-page","status-publish","hentry"],"aioseo_notices":[],"aioseo_head":"\n\t\t<!-- All in One SEO 5.0.1.1 - aioseo.com -->\n\t<meta name=\"description\" content=\"Das Jahr 2023 neigte sich dem Ende zu, und bereits zwei Wochen zuvor hatten wir das Privileg, einen ganz besonderen Silvesterbesuch zu erleben. Dieses denkw\u00fcrdige Ereignis wurde in enger Zusammenarbeit mit dem Jugenddienst Dekanat Taufers gestaltet, bei dem wir f\u00fcr die Aufnahme der Lieder verantwortlich waren und tatkr\u00e4ftige Unterst\u00fctzung beim Videoschnitt leisteten.Die Atmosph\u00e4re w\u00e4hrend der\" \/>\n\t<meta name=\"robots\" content=\"max-image-preview:large\" \/>\n\t<link rel=\"canonical\" href=\"https:\/\/alp-sound.it\/index.php\/2024\/01\/01\/ein-besonderer-silvesterbesuch-2023-2024\/\" \/>\n\t<meta name=\"generator\" content=\"All in One SEO (AIOSEO) 5.0.1.1\" \/>\n\t\t<meta property=\"og:locale\" content=\"de_DE\" \/>\n\t\t<meta property=\"og:site_name\" content=\"Alp Sound \u2013 The sound of the alps\" \/>\n\t\t<meta property=\"og:type\" content=\"article\" \/>\n\t\t<meta property=\"og:title\" content=\"Ein besonderer Silvesterbesuch 2023\/2024 \u2013 Alp Sound\" \/>\n\t\t<meta property=\"og:description\" content=\"Das Jahr 2023 neigte sich dem Ende zu, und bereits zwei Wochen zuvor hatten wir das Privileg, einen ganz besonderen Silvesterbesuch zu erleben. Dieses denkw\u00fcrdige Ereignis wurde in enger Zusammenarbeit mit dem Jugenddienst Dekanat Taufers gestaltet, bei dem wir f\u00fcr die Aufnahme der Lieder verantwortlich waren und tatkr\u00e4ftige Unterst\u00fctzung beim Videoschnitt leisteten.Die Atmosph\u00e4re w\u00e4hrend der\" \/>\n\t\t<meta property=\"og:url\" content=\"https:\/\/alp-sound.it\/index.php\/2024\/01\/01\/ein-besonderer-silvesterbesuch-2023-2024\/\" \/>\n\t\t<meta property=\"article:published_time\" content=\"2024-01-01T09:56:16+00:00\" \/>\n\t\t<meta property=\"article:modified_time\" content=\"2024-01-01T09:59:24+00:00\" \/>\n\t\t<meta property=\"article:publisher\" content=\"https:\/\/www.facebook.com\/profile.php?id=61554617066156\" \/>\n\t\t<meta name=\"twitter:card\" content=\"summary_large_image\" \/>\n\t\t<meta name=\"twitter:title\" content=\"Ein besonderer Silvesterbesuch 2023\/2024 \u2013 Alp Sound\" \/>\n\t\t<meta name=\"twitter:description\" content=\"Das Jahr 2023 neigte sich dem Ende zu, und bereits zwei Wochen zuvor hatten wir das Privileg, einen ganz besonderen Silvesterbesuch zu erleben. Dieses denkw\u00fcrdige Ereignis wurde in enger Zusammenarbeit mit dem Jugenddienst Dekanat Taufers gestaltet, bei dem wir f\u00fcr die Aufnahme der Lieder verantwortlich waren und tatkr\u00e4ftige Unterst\u00fctzung beim Videoschnitt leisteten.Die Atmosph\u00e4re w\u00e4hrend der\" \/>\n\t\t<script type=\"application\/ld+json\" class=\"aioseo-schema\">\n\t\t\t{\"@context\":\"https:\\\/\\\/schema.org\",\"@graph\":[{\"@type\":\"BlogPosting\",\"@id\":\"https:\\\/\\\/alp-sound.it\\\/index.php\\\/2024\\\/01\\\/01\\\/ein-besonderer-silvesterbesuch-2023-2024\\\/#blogposting\",\"name\":\"Ein besonderer Silvesterbesuch 2023\\\/2024 \\u2013 Alp Sound\",\"headline\":\"Ein besonderer Silvesterbesuch 2023\\\/2024\",\"author\":{\"@id\":\"https:\\\/\\\/alp-sound.it\\\/index.php\\\/author\\\/adminsound\\\/#author\"},\"publisher\":{\"@id\":\"https:\\\/\\\/alp-sound.it\\\/#organization\"},\"image\":{\"@type\":\"ImageObject\",\"url\":\"https:\\\/\\\/alp-sound.it\\\/wp-content\\\/uploads\\\/2024\\\/01\\\/Ein-besonderer-Silvesterbesuch.png\",\"width\":2062,\"height\":1092},\"datePublished\":\"2024-01-01T10:56:16+01:00\",\"dateModified\":\"2024-01-01T10:59:24+01:00\",\"inLanguage\":\"de-DE\",\"mainEntityOfPage\":{\"@id\":\"https:\\\/\\\/alp-sound.it\\\/index.php\\\/2024\\\/01\\\/01\\\/ein-besonderer-silvesterbesuch-2023-2024\\\/#webpage\"},\"isPartOf\":{\"@id\":\"https:\\\/\\\/alp-sound.it\\\/index.php\\\/2024\\\/01\\\/01\\\/ein-besonderer-silvesterbesuch-2023-2024\\\/#webpage\"},\"articleSection\":\"Events\"},{\"@type\":\"BreadcrumbList\",\"@id\":\"https:\\\/\\\/alp-sound.it\\\/index.php\\\/2024\\\/01\\\/01\\\/ein-besonderer-silvesterbesuch-2023-2024\\\/#breadcrumblist\",\"itemListElement\":[{\"@type\":\"ListItem\",\"@id\":\"https:\\\/\\\/alp-sound.it#listItem\",\"position\":1,\"name\":\"Zu Hause\",\"item\":\"https:\\\/\\\/alp-sound.it\",\"nextItem\":{\"@type\":\"ListItem\",\"@id\":\"https:\\\/\\\/alp-sound.it\\\/index.php\\\/referenzen\\\/#listItem\",\"name\":\"Referenzen\"}},{\"@type\":\"ListItem\",\"@id\":\"https:\\\/\\\/alp-sound.it\\\/index.php\\\/referenzen\\\/#listItem\",\"position\":2,\"name\":\"Referenzen\",\"previousItem\":{\"@type\":\"ListItem\",\"@id\":\"https:\\\/\\\/alp-sound.it#listItem\",\"name\":\"Zu Hause\"}}]},{\"@type\":\"Organization\",\"@id\":\"https:\\\/\\\/alp-sound.it\\\/#organization\",\"name\":\"Alp Sound\",\"description\":\"The sound of the alps\",\"url\":\"https:\\\/\\\/alp-sound.it\\\/\",\"email\":\"info@alp-sound.it\",\"logo\":{\"@type\":\"ImageObject\",\"url\":\"https:\\\/\\\/alp-sound.it\\\/wp-content\\\/uploads\\\/2023\\\/11\\\/logo-transparent-png.png\",\"@id\":\"https:\\\/\\\/alp-sound.it\\\/index.php\\\/2024\\\/01\\\/01\\\/ein-besonderer-silvesterbesuch-2023-2024\\\/#organizationLogo\",\"width\":4000,\"height\":2486},\"image\":{\"@id\":\"https:\\\/\\\/alp-sound.it\\\/index.php\\\/2024\\\/01\\\/01\\\/ein-besonderer-silvesterbesuch-2023-2024\\\/#organizationLogo\"},\"sameAs\":[\"https:\\\/\\\/www.facebook.com\\\/profile.php?id=61554617066156\",\"https:\\\/\\\/www.instagram.com\\\/alp.sound\\\/\"]},{\"@type\":\"Person\",\"@id\":\"https:\\\/\\\/alp-sound.it\\\/index.php\\\/author\\\/adminsound\\\/#author\",\"url\":\"https:\\\/\\\/alp-sound.it\\\/index.php\\\/author\\\/adminsound\\\/\",\"name\":\"adminsound\"},{\"@type\":\"WebPage\",\"@id\":\"https:\\\/\\\/alp-sound.it\\\/index.php\\\/2024\\\/01\\\/01\\\/ein-besonderer-silvesterbesuch-2023-2024\\\/#webpage\",\"url\":\"https:\\\/\\\/alp-sound.it\\\/index.php\\\/2024\\\/01\\\/01\\\/ein-besonderer-silvesterbesuch-2023-2024\\\/\",\"name\":\"Ein besonderer Silvesterbesuch 2023\\\/2024 \\u2013 Alp Sound\",\"description\":\"Das Jahr 2023 neigte sich dem Ende zu, und bereits zwei Wochen zuvor hatten wir das Privileg, einen ganz besonderen Silvesterbesuch zu erleben. Dieses denkw\\u00fcrdige Ereignis wurde in enger Zusammenarbeit mit dem Jugenddienst Dekanat Taufers gestaltet, bei dem wir f\\u00fcr die Aufnahme der Lieder verantwortlich waren und tatkr\\u00e4ftige Unterst\\u00fctzung beim Videoschnitt leisteten.Die Atmosph\\u00e4re w\\u00e4hrend der\",\"inLanguage\":\"de-DE\",\"isPartOf\":{\"@id\":\"https:\\\/\\\/alp-sound.it\\\/#website\"},\"breadcrumb\":{\"@id\":\"https:\\\/\\\/alp-sound.it\\\/index.php\\\/2024\\\/01\\\/01\\\/ein-besonderer-silvesterbesuch-2023-2024\\\/#breadcrumblist\"},\"author\":{\"@id\":\"https:\\\/\\\/alp-sound.it\\\/index.php\\\/author\\\/adminsound\\\/#author\"},\"creator\":{\"@id\":\"https:\\\/\\\/alp-sound.it\\\/index.php\\\/author\\\/adminsound\\\/#author\"},\"image\":{\"@type\":\"ImageObject\",\"url\":\"https:\\\/\\\/alp-sound.it\\\/wp-content\\\/uploads\\\/2024\\\/01\\\/Ein-besonderer-Silvesterbesuch.png\",\"@id\":\"https:\\\/\\\/alp-sound.it\\\/index.php\\\/2024\\\/01\\\/01\\\/ein-besonderer-silvesterbesuch-2023-2024\\\/#mainImage\",\"width\":2062,\"height\":1092},\"primaryImageOfPage\":{\"@id\":\"https:\\\/\\\/alp-sound.it\\\/index.php\\\/2024\\\/01\\\/01\\\/ein-besonderer-silvesterbesuch-2023-2024\\\/#mainImage\"},\"datePublished\":\"2024-01-01T10:56:16+01:00\",\"dateModified\":\"2024-01-01T10:59:24+01:00\"},{\"@type\":\"WebSite\",\"@id\":\"https:\\\/\\\/alp-sound.it\\\/#website\",\"url\":\"https:\\\/\\\/alp-sound.it\\\/\",\"name\":\"Alp Sound\",\"alternateName\":\"Alpsounbd\",\"description\":\"The sound of the alps\",\"inLanguage\":\"de-DE\",\"publisher\":{\"@id\":\"https:\\\/\\\/alp-sound.it\\\/#organization\"}}]}\n\t\t<\/script>\n\t\t<!-- All in One SEO -->\n\n","aioseo_head_json":{"title":"Ein besonderer Silvesterbesuch 2023\/2024 \u2013 Alp Sound","description":"Das Jahr 2023 neigte sich dem Ende zu, und bereits zwei Wochen zuvor hatten wir das Privileg, einen ganz besonderen Silvesterbesuch zu erleben. Dieses denkw\u00fcrdige Ereignis wurde in enger Zusammenarbeit mit dem Jugenddienst Dekanat Taufers gestaltet, bei dem wir f\u00fcr die Aufnahme der Lieder verantwortlich waren und tatkr\u00e4ftige Unterst\u00fctzung beim Videoschnitt leisteten.Die Atmosph\u00e4re w\u00e4hrend der","canonical_url":"https:\/\/alp-sound.it\/index.php\/2024\/01\/01\/ein-besonderer-silvesterbesuch-2023-2024\/","robots":"max-image-preview:large","keywords":"","webmasterTools":{"miscellaneous":""},"schema":{"@context":"https:\/\/schema.org","@graph":[{"@type":"BlogPosting","@id":"https:\/\/alp-sound.it\/index.php\/2024\/01\/01\/ein-besonderer-silvesterbesuch-2023-2024\/#blogposting","name":"Ein besonderer Silvesterbesuch 2023\/2024 \u2013 Alp Sound","headline":"Ein besonderer Silvesterbesuch 2023\/2024","author":{"@id":"https:\/\/alp-sound.it\/index.php\/author\/adminsound\/#author"},"publisher":{"@id":"https:\/\/alp-sound.it\/#organization"},"image":{"@type":"ImageObject","url":"https:\/\/alp-sound.it\/wp-content\/uploads\/2024\/01\/Ein-besonderer-Silvesterbesuch.png","width":2062,"height":1092},"datePublished":"2024-01-01T10:56:16+01:00","dateModified":"2024-01-01T10:59:24+01:00","inLanguage":"de-DE","mainEntityOfPage":{"@id":"https:\/\/alp-sound.it\/index.php\/2024\/01\/01\/ein-besonderer-silvesterbesuch-2023-2024\/#webpage"},"isPartOf":{"@id":"https:\/\/alp-sound.it\/index.php\/2024\/01\/01\/ein-besonderer-silvesterbesuch-2023-2024\/#webpage"},"articleSection":"Events"},{"@type":"BreadcrumbList","@id":"https:\/\/alp-sound.it\/index.php\/2024\/01\/01\/ein-besonderer-silvesterbesuch-2023-2024\/#breadcrumblist","itemListElement":[{"@type":"ListItem","@id":"https:\/\/alp-sound.it#listItem","position":1,"name":"Zu Hause","item":"https:\/\/alp-sound.it","nextItem":{"@type":"ListItem","@id":"https:\/\/alp-sound.it\/index.php\/referenzen\/#listItem","name":"Referenzen"}},{"@type":"ListItem","@id":"https:\/\/alp-sound.it\/index.php\/referenzen\/#listItem","position":2,"name":"Referenzen","previousItem":{"@type":"ListItem","@id":"https:\/\/alp-sound.it#listItem","name":"Zu Hause"}}]},{"@type":"Organization","@id":"https:\/\/alp-sound.it\/#organization","name":"Alp Sound","description":"The sound of the alps","url":"https:\/\/alp-sound.it\/","email":"info@alp-sound.it","logo":{"@type":"ImageObject","url":"https:\/\/alp-sound.it\/wp-content\/uploads\/2023\/11\/logo-transparent-png.png","@id":"https:\/\/alp-sound.it\/index.php\/2024\/01\/01\/ein-besonderer-silvesterbesuch-2023-2024\/#organizationLogo","width":4000,"height":2486},"image":{"@id":"https:\/\/alp-sound.it\/index.php\/2024\/01\/01\/ein-besonderer-silvesterbesuch-2023-2024\/#organizationLogo"},"sameAs":["https:\/\/www.facebook.com\/profile.php?id=61554617066156","https:\/\/www.instagram.com\/alp.sound\/"]},{"@type":"Person","@id":"https:\/\/alp-sound.it\/index.php\/author\/adminsound\/#author","url":"https:\/\/alp-sound.it\/index.php\/author\/adminsound\/","name":"adminsound"},{"@type":"WebPage","@id":"https:\/\/alp-sound.it\/index.php\/2024\/01\/01\/ein-besonderer-silvesterbesuch-2023-2024\/#webpage","url":"https:\/\/alp-sound.it\/index.php\/2024\/01\/01\/ein-besonderer-silvesterbesuch-2023-2024\/","name":"Ein besonderer Silvesterbesuch 2023\/2024 \u2013 Alp Sound","description":"Das Jahr 2023 neigte sich dem Ende zu, und bereits zwei Wochen zuvor hatten wir das Privileg, einen ganz besonderen Silvesterbesuch zu erleben. Dieses denkw\u00fcrdige Ereignis wurde in enger Zusammenarbeit mit dem Jugenddienst Dekanat Taufers gestaltet, bei dem wir f\u00fcr die Aufnahme der Lieder verantwortlich waren und tatkr\u00e4ftige Unterst\u00fctzung beim Videoschnitt leisteten.Die Atmosph\u00e4re w\u00e4hrend der","inLanguage":"de-DE","isPartOf":{"@id":"https:\/\/alp-sound.it\/#website"},"breadcrumb":{"@id":"https:\/\/alp-sound.it\/index.php\/2024\/01\/01\/ein-besonderer-silvesterbesuch-2023-2024\/#breadcrumblist"},"author":{"@id":"https:\/\/alp-sound.it\/index.php\/author\/adminsound\/#author"},"creator":{"@id":"https:\/\/alp-sound.it\/index.php\/author\/adminsound\/#author"},"image":{"@type":"ImageObject","url":"https:\/\/alp-sound.it\/wp-content\/uploads\/2024\/01\/Ein-besonderer-Silvesterbesuch.png","@id":"https:\/\/alp-sound.it\/index.php\/2024\/01\/01\/ein-besonderer-silvesterbesuch-2023-2024\/#mainImage","width":2062,"height":1092},"primaryImageOfPage":{"@id":"https:\/\/alp-sound.it\/index.php\/2024\/01\/01\/ein-besonderer-silvesterbesuch-2023-2024\/#mainImage"},"datePublished":"2024-01-01T10:56:16+01:00","dateModified":"2024-01-01T10:59:24+01:00"},{"@type":"WebSite","@id":"https:\/\/alp-sound.it\/#website","url":"https:\/\/alp-sound.it\/","name":"Alp Sound","alternateName":"Alpsounbd","description":"The sound of the alps","inLanguage":"de-DE","publisher":{"@id":"https:\/\/alp-sound.it\/#organization"}}]},"og:locale":"de_DE","og:site_name":"Alp Sound \u2013 The sound of the alps","og:type":"article","og:title":"Ein besonderer Silvesterbesuch 2023\/2024 \u2013 Alp Sound","og:description":"Das Jahr 2023 neigte sich dem Ende zu, und bereits zwei Wochen zuvor hatten wir das Privileg, einen ganz besonderen Silvesterbesuch zu erleben. Dieses denkw\u00fcrdige Ereignis wurde in enger Zusammenarbeit mit dem Jugenddienst Dekanat Taufers gestaltet, bei dem wir f\u00fcr die Aufnahme der Lieder verantwortlich waren und tatkr\u00e4ftige Unterst\u00fctzung beim Videoschnitt leisteten.Die Atmosph\u00e4re w\u00e4hrend der","og:url":"https:\/\/alp-sound.it\/index.php\/2024\/01\/01\/ein-besonderer-silvesterbesuch-2023-2024\/","article:published_time":"2024-01-01T09:56:16+00:00","article:modified_time":"2024-01-01T09:59:24+00:00","article:publisher":"https:\/\/www.facebook.com\/profile.php?id=61554617066156","twitter:card":"summary_large_image","twitter:title":"Ein besonderer Silvesterbesuch 2023\/2024 \u2013 Alp Sound","twitter:description":"Das Jahr 2023 neigte sich dem Ende zu, und bereits zwei Wochen zuvor hatten wir das Privileg, einen ganz besonderen Silvesterbesuch zu erleben. Dieses denkw\u00fcrdige Ereignis wurde in enger Zusammenarbeit mit dem Jugenddienst Dekanat Taufers gestaltet, bei dem wir f\u00fcr die Aufnahme der Lieder verantwortlich waren und tatkr\u00e4ftige Unterst\u00fctzung beim Videoschnitt leisteten.Die Atmosph\u00e4re w\u00e4hrend der"},"aioseo_meta_data":{"post_id":"86455","title":null,"description":null,"keywords":null,"keyphrases":{"focus":{"keyphrase":"","score":0,"analysis":{"keyphraseInTitle":{"score":0,"maxScore":9,"error":1}}},"additional":[]},"primary_term":null,"canonical_url":null,"og_title":null,"og_description":null,"og_object_type":"default","og_image_type":"default","og_image_url":null,"og_image_width":null,"og_image_height":null,"og_image_custom_url":null,"og_image_custom_fields":null,"og_video":"","og_custom_url":null,"og_article_section":null,"og_article_tags":null,"twitter_use_og":false,"twitter_card":"default","twitter_image_type":"default","twitter_image_url":null,"twitter_image_custom_url":null,"twitter_image_custom_fields":null,"twitter_title":null,"twitter_description":null,"schema":{"blockGraphs":[],"customGraphs":[],"default":{"data":{"Article":[],"Course":[],"Dataset":[],"FAQPage":[],"Movie":[],"Person":[],"Product":[],"ProductReview":[],"Car":[],"Recipe":[],"Service":[],"SoftwareApplication":[],"WebPage":[]},"graphName":"WebPage","isEnabled":true},"graphs":[]},"schema_type":"default","schema_type_options":null,"pillar_content":false,"robots_default":true,"robots_noindex":false,"robots_noarchive":false,"robots_nosnippet":false,"robots_nofollow":false,"robots_noimageindex":false,"robots_noodp":false,"robots_notranslate":false,"robots_max_snippet":"-1","robots_max_videopreview":"-1","robots_max_imagepreview":"large","priority":null,"frequency":"default","local_seo":null,"breadcrumb_settings":null,"limit_modified_date":false,"ai":null,"created":"2023-12-31 15:27:09","updated":"2025-06-28 11:39:01","focus_keyword":null,"additional_keywords":null,"truseo_locale":null,"seo_analyzer_scan_date":null},"aioseo_breadcrumb":"<div class=\"aioseo-breadcrumbs\"><span class=\"aioseo-breadcrumb\">\n\t\t\t<a href=\"https:\/\/alp-sound.it\" title=\"Zu Hause\">Zu Hause<\/a>\n\t\t<\/span><span class=\"aioseo-breadcrumb-separator\">&raquo;<\/span><span class=\"aioseo-breadcrumb\">\n\t\t\tReferenzen\n\t\t<\/span><\/div>","aioseo_breadcrumb_json":[{"label":"Zu Hause","link":"https:\/\/alp-sound.it"},{"label":"Referenzen","link":"https:\/\/alp-sound.it\/index.php\/referenzen\/"}],"_links":{"self":[{"href":"https:\/\/alp-sound.it\/index.php\/wp-json\/wp\/v2\/pages\/86455","targetHints":{"allow":["GET"]}}],"collection":[{"href":"https:\/\/alp-sound.it\/index.php\/wp-json\/wp\/v2\/pages"}],"about":[{"href":"https:\/\/alp-sound.it\/index.php\/wp-json\/wp\/v2\/types\/page"}],"author":[{"embeddable":true,"href":"https:\/\/alp-sound.it\/index.php\/wp-json\/wp\/v2\/users\/1"}],"replies":[{"embeddable":true,"href":"https:\/\/alp-sound.it\/index.php\/wp-json\/wp\/v2\/comments?post=86455"}],"version-history":[{"count":13,"href":"https:\/\/alp-sound.it\/index.php\/wp-json\/wp\/v2\/pages\/86455\/revisions"}],"predecessor-version":[{"id":86536,"href":"https:\/\/alp-sound.it\/index.php\/wp-json\/wp\/v2\/pages\/86455\/revisions\/86536"}],"wp:attachment":[{"href":"https:\/\/alp-sound.it\/index.php\/wp-json\/wp\/v2\/media?parent=86455"}],"curies":[{"name":"wp","href":"https:\/\/api.w.org\/{rel}","templated":true}]}}